{"id":3,"date":"2025-07-08T11:41:58","date_gmt":"2025-07-08T11:41:58","guid":{"rendered":"https:\/\/new.kosicebaptist.sk\/?page_id=3"},"modified":"2025-07-29T10:44:16","modified_gmt":"2025-07-29T08:44:16","slug":"informacie-o-spracovavani-osobnych-udajov","status":"publish","type":"page","link":"https:\/\/kosicebaptist.sk\/en\/informacie-o-spracovavani-osobnych-udajov","title":{"rendered":"Inform\u00e1cie o spracov\u00e1van\u00ed osobn\u00fdch \u00fadajov"},"content":{"rendered":"<p>V zmysle \u010dl. 13 nariadenia Eur\u00f3pskeho parlamentu a Rady (E\u00da) 2016\/679 z 27. apr\u00edla 2016 o ochrane fyzick\u00fdch os\u00f4b pri sprac\u00favan\u00ed osobn\u00fdch \u00fadajov a o vo\u013enom pohybe tak\u00fdchto \u00fadajov (\u010falej len \u201cGDPR\u201d) a \u00a7 19 z\u00e1kona \u010d. 18\/2018 Z. z. o ochrane osobn\u00fdch \u00fadajov a o zmene a doplnen\u00ed niektor\u00fdch z\u00e1konov (\u010falej aj \u201eZoOOU\u201c) V\u00e1s chceme informova\u0165 o tom, ako spracov\u00e1vame Va\u0161e osobn\u00e9 \u00fadaje.<\/p>\n\n\n\n<h2 class=\"wp-block-heading\">Kto je prev\u00e1dzkovate\u013eom spracovania osobn\u00fdch \u00fadajov?<\/h2>\n\n\n\n<p>Prev\u00e1dzkovate\u013eom sprac\u00favaj\u00facim osobn\u00e9 \u00fadaje z\u00edskan\u00e9 prostredn\u00edctvom str\u00e1nky www.kosicebaptist.sk je:<\/p>\n\n\n\n<p>Brethre Baptist Union<br>Slovenskej jednoty 16<br>040 01 Ko\u0161ice<br>Slovensk\u00e1 republika<br>I\u010cO: 31961924<\/p>\n\n\n\n<p>info@kosicebaptist.sk<br><a href=\"https:\/\/kosicebaptist.sk\/en\/\">www.kosicebaptist.sk<\/a><\/p>\n\n\n\n<h2 class=\"wp-block-heading\">Ak\u00e9 osobn\u00e9 \u00fadaje sprac\u00favame?<\/h2>\n\n\n\n<h5 class=\"wp-block-heading\">Webov\u00e9 str\u00e1nky<\/h5>\n\n\n\n<p>Toto vyhl\u00e1senie o ochrane osobn\u00fdch \u00fadajov sa vz\u0165ahuje na webov\u00e9 str\u00e1nky BJB KE, ktor\u00e9 s\u00fa pr\u00edstupn\u00e9 na webov\u00fdch lokalit\u00e1ch <a href=\"https:\/\/kosicebaptist.sk\/en\/\">www.kosicebaptist.sk<\/a> a na v\u0161etk\u00fdch jej pr\u00edslu\u0161n\u00fdch podstr\u00e1nkach.<\/p>\n\n\n\n<h5 class=\"wp-block-heading\">Rozsah a \u00fa\u010del spracovania<\/h5>\n\n\n\n<p>Osobn\u00e9 \u00fadaje pou\u017e\u00edvate\u013eov na\u0161ich webov\u00fdch str\u00e1nok zaznamen\u00e1vame a pou\u017e\u00edvame len v rozsahu potrebnom na prev\u00e1dzkovanie funk\u010dnej webovej str\u00e1nky a jej obsahu a slu\u017eieb vyu\u017eit\u00edm technol\u00f3gie zbierania cookies. Tieto osobn\u00e9 \u00fadaje V\u00e1\u0161 prehliada\u010d automaticky pren\u00e1\u0161a na n\u00e1\u0161 server a ukladaj\u00fa sa tzv. logovacieho s\u00faboru. Zaznamen\u00e1vaj\u00fa sa bez V\u00e1\u0161ho z\u00e1sahu a ulo\u017eia sa, k\u00fdm sa automaticky nevyma\u017e\u00fa:<\/p>\n\n\n\n<ul class=\"wp-block-list\">\n<li>IP adresa po\u010d\u00edta\u010da<\/li>\n\n\n\n<li>d\u00e1tum a \u010das pr\u00edstupu<\/li>\n\n\n\n<li>n\u00e1zov a URL prevzat\u00e9ho s\u00faboru<\/li>\n\n\n\n<li>webov\u00e1 str\u00e1nka, z ktorej sa uskuto\u010d\u0148uje pr\u00edstup (odkazuj\u00facich na URL)<\/li>\n\n\n\n<li>pou\u017eit\u00fd prehliada\u010d, pr\u00edpadne opera\u010dn\u00fd syst\u00e9m V\u00e1\u0161ho po\u010d\u00edta\u010da, ako aj meno V\u00e1\u0161ho prev\u00e1dzkovate\u013ea pr\u00edstupu na internet<\/li>\n<\/ul>\n\n\n\n<p>Uveden\u00e9 \u00fadaje bud\u00fa nami spracovan\u00e9 na nasledovn\u00e9 \u00fa\u010dely:<\/p>\n\n\n\n<ul class=\"wp-block-list\">\n<li>Administrat\u00edva webovej str\u00e1nky,<\/li>\n\n\n\n<li>Zabezpe\u010denie bezprobl\u00e9mov\u00e9ho pripojenia na webov\u00fa str\u00e1nku,<\/li>\n\n\n\n<li>Zabezpe\u010denie pohodln\u00e9ho pou\u017e\u00edvania na\u0161ich webov\u00fdch str\u00e1nok.<\/li>\n<\/ul>\n\n\n\n<h5 class=\"wp-block-heading\">Pr\u00e1vny z\u00e1klad<\/h5>\n\n\n\n<p>Pr\u00e1vnym z\u00e1kladom spracovania osobn\u00fdch \u00fadajov \u010dl. 6 ods. 1 p\u00edsm. f) V\u0161eobecn\u00e9ho nariadenia o ochrane \u00fadajov. Spracovanie uveden\u00fdch \u00fadajov je toti\u017e nevyhnutn\u00e9 pre prev\u00e1dzkovanie na\u0161ich webov\u00fdch str\u00e1nok a t\u00fdm na \u00fa\u010dely n\u00e1\u0161ho opr\u00e1vnen\u00e9ho z\u00e1ujmu na ich fungovan\u00ed. Proti tomuto spracovaniu \u00fadajov m\u00f4\u017eete namieta\u0165.<\/p>\n\n\n\n<h5 class=\"wp-block-heading\">Doba uchov\u00e1vania<\/h5>\n\n\n\n<p>Osobn\u00e9 \u00fadaje dotknutej osoby sa vyma\u017e\u00fa alebo zablokuj\u00fa hne\u010f, ako d\u00f4jde k naplneniu \u00fa\u010delu uchov\u00e1vania \u00fadajov. Zhroma\u017e\u010fovanie \u00fadajov na prev\u00e1dzkovanie webov\u00fdch str\u00e1nok a ukladanie \u00fadajov do log-s\u00faborov je nevyhnutn\u00e9 na spr\u00e1vu webovej str\u00e1nky.<\/p>\n\n\n\n<h3 class=\"wp-block-heading\">Newsletter<\/h3>\n\n\n\n<h5 class=\"wp-block-heading\">Rozsah a \u00fa\u010del spracovania<\/h5>\n\n\n\n<p>Na na\u0161ej str\u00e1nke m\u00e1te mo\u017enos\u0165 prihl\u00e1si\u0165 sa na odber bezplatn\u00e9ho Newslettra (informa\u010dn\u00e9ho spravodaja).<br>Newsletter budeme posiela\u0165 aj osob\u00e1m, ktor\u00e9 sa na odber Newslettra neregistrovali cez webstr\u00e1nku, ale ktor\u00fdch kontaktn\u00e9 inform\u00e1cie s cie\u013eom odoslania elektronickej po\u0161ty sme z\u00edskali v s\u00falade so z\u00e1konom od dotknut\u00fdch os\u00f4b.<br>Newsletter V\u00e1s informuje o aktu\u00e1lnych udalostiach a akci\u00e1ch zboru BJB KE, pr\u00edbehoch \u013eud\u00ed, prin\u00e1\u0161a biblick\u00e9 zamyslenia, modlitebn\u00e9 prosby a v\u010faky a povzbudenia na ceste viery.<br>Na prihl\u00e1senie na odber a zasielanie Newslettra sprac\u00favame Va\u0161e nasleduj\u00face \u00fadaje:<\/p>\n\n\n\n<ul class=\"wp-block-list\">\n<li>krstn\u00e9 meno (nepovinn\u00fd \u00fadaj)<\/li>\n\n\n\n<li>priezvisko (nepovinn\u00fd \u00fadaj)<\/li>\n\n\n\n<li>e-mailov\u00e1 adresa<\/li>\n<\/ul>\n\n\n\n<p>Ak ste sa prihl\u00e1sili na odber Newslettera, po prvotnom prihl\u00e1sen\u00ed dostanete od n\u00e1s e\u0161te jeden potvrdzuj\u00faci e-mail. Newsletter budete dost\u00e1va\u0165 a\u017e po kliknut\u00ed na odkaz, ktor\u00fd obsahuje potvrdzuj\u00faci email.<\/p>\n\n\n\n<h5 class=\"wp-block-heading\">Pr\u00e1vny z\u00e1klad<\/h5>\n\n\n\n<p>Spracovanie Va\u0161ich osobn\u00fdch \u00fadajov na \u00fa\u010del zasielania Newslettra je zalo\u017een\u00e9 na opr\u00e1vnenom z\u00e1ujme BJB KE na zasielan\u00ed Newslettra ako marketingov\u00fdch inform\u00e1ci\u00ed z\u00e1kazn\u00edkom pod\u013ea \u010dl. 6 ods. 1 p\u00edsm. f) V\u0161eobecn\u00e9ho nariadenia o ochrane \u00fadajov.<\/p>\n\n\n\n<p>Ak ste sa zaregistrovali na odber Newslettra, vedome ste s\u00fahlasili s vy\u0161\u0161ie uveden\u00fdmi podmienkami danom vo vyhl\u00e1sen\u00ed:<\/p>\n\n\n\n<blockquote class=\"wp-block-quote is-layout-flow wp-block-quote-is-layout-flow\">\n<p>Pre\u010d\u00edtal som si a pochopil som vyhl\u00e1senie o ochrane osobn\u00fdch \u00fadajov BJB KE a s\u00fahlas\u00edm s n\u00edm.<\/p>\n<\/blockquote>\n\n\n\n<p>Z odberu Newslettra sa m\u00f4\u017eete kedyko\u013evek odhl\u00e1si\u0165. Odhl\u00e1senie je aj n\u00e1mietkou proti pr\u00edslu\u0161n\u00e9mu sprac\u00favaniu osobn\u00fdch \u00fadajov, na \u010do m\u00e1te v tomto pr\u00edpade pr\u00e1vo pod\u013ea \u010dl. 21 ods. 1 a 2 V\u0161eobecn\u00e9ho nariadenia o ochrane \u00fadajov. Po odhl\u00e1sen\u00ed V\u00e1m u\u017e Newsletter nebudeme zasiela\u0165 a prestaneme sprac\u00fava\u0165 a uchov\u00e1va\u0165 Va\u0161e osobn\u00e9 \u00fadaje na tento \u00fa\u010del.<\/p>\n\n\n\n<h5 class=\"wp-block-heading\">Doba uchov\u00e1vania<\/h5>\n\n\n\n<p>Osobn\u00e9 \u00fadaje budeme uklada\u0165 do chv\u00edle, k\u00fdm nezru\u0161\u00edte s\u00fahlas s odberom newslettera.<\/p>\n\n\n\n<h3 class=\"wp-block-heading\">Kontaktn\u00fd formul\u00e1r<\/h3>\n\n\n\n<h5 class=\"wp-block-heading\">Rozsah a \u00fa\u010del spracovania<\/h5>\n\n\n\n<p>Na str\u00e1nke www.kosicebaptist.sk m\u00f4\u017eete pou\u017ei\u0165 kontaktn\u00fd formul\u00e1r, pri\u010dom BJB KE je nutn\u00e9 poskytn\u00fa\u0165 nasleduj\u00face inform\u00e1cie:<\/p>\n\n\n\n<ul class=\"wp-block-list\">\n<li>d\u00f4vod kontaktu<\/li>\n\n\n\n<li>krstn\u00e9 meno<\/li>\n\n\n\n<li>priezvisko<\/li>\n\n\n\n<li>po\u0161tov\u00fa adresa (ulica, \u010d\u00edslo domu, PS\u010c, obec\/mesto)<\/li>\n\n\n\n<li>e-mailov\u00fa adresa<\/li>\n\n\n\n<li>obsah spr\u00e1vy<\/li>\n<\/ul>\n\n\n\n<p>\u010eal\u0161ie inform\u00e1cie, ako je telef\u00f3nne \u010d\u00edslo, m\u00f4\u017eu by\u0165 poskytnut\u00e9, ale nie s\u00fa na odoslanie formul\u00e1ru povinn\u00e9. Ak s\u00fa v\u0161ak poskytnut\u00e9 a s\u00fa potrebn\u00e9 na riadne vybavenie Va\u0161ej \u017eiadosti \u010di in\u00e9ho podnetu, bud\u00fa nami spracovan\u00e9. Va\u0161e osobn\u00e9 \u00fadaje v tomto pr\u00edpade sprac\u00favame za \u00fa\u010delom, aby sme odpovedali na Va\u0161u \u017eiados\u0165 \u010di in\u00fd podnet a v pr\u00edpade potreby na zaslanie Vami po\u017eadovan\u00e9ho informa\u010dn\u00e9ho materi\u00e1lu. Ak je to potrebn\u00e9, inform\u00e1cie, ktor\u00e9 n\u00e1m boli poskytnut\u00e9, bud\u00fa zaslan\u00e9 osobe zodpovednej za vybavenie Va\u0161ej \u017eiadosti.<\/p>\n\n\n\n<h5 class=\"wp-block-heading\">Pr\u00e1vny z\u00e1klad<\/h5>\n\n\n\n<p>\u010dl. 6 ods. 1 p\u00edsm. f) V\u0161eobecn\u00e9ho nariadenia o ochrane \u00fadajov. Spracovanie \u00fadajov je nevyhnutn\u00e9 pre vybavenie Va\u0161ej \u017eiadosti alebo in\u00e9ho podnetu a t\u00fdm na \u00fa\u010dely n\u00e1\u0161ho opr\u00e1vnen\u00e9ho z\u00e1ujmu na ich riadnom vybaven\u00ed. Bez ich spracovania nie je mo\u017en\u00e9 Va\u0161u \u017eiados\u0165 \u010di in\u00fd podnet riadne vybavi\u0165 a elektronickou cestou zada\u0165 na na\u0161ej webovej str\u00e1nke. Proti tomuto spracovaniu \u00fadajov m\u00f4\u017eete namieta\u0165.<\/p>\n\n\n\n<h5 class=\"wp-block-heading\">Doba uchov\u00e1vania<\/h5>\n\n\n\n<p>Akon\u00e1hle Va\u0161a \u017eiados\u0165 alebo in\u00fd podnet, bude vybaven\u00e1 a d\u00f4le\u017eit\u00e9 skuto\u010dnosti bud\u00fa definit\u00edvne objasnen\u00e9, Va\u0161e osobn\u00e9 \u00fadaje spracovan\u00e9 v s\u00favislosti s kontaktn\u00fdm formul\u00e1rom bud\u00fa na tieto \u00fa\u010dely vymazan\u00e9. Dlh\u0161ie ulo\u017eenie sa uskuto\u010dn\u00ed v pr\u00edpadoch, ak to vy\u017eaduje z\u00e1kon.<\/p>\n\n\n\n<h3 class=\"wp-block-heading\">Ak\u00e9 pr\u00e1va m\u00e1 dotknut\u00e1 osoba pri spracovan\u00ed osobn\u00fdch \u00fadajov?<\/h3>\n\n\n\n<h5 class=\"wp-block-heading\">Pr\u00e1vo na inform\u00e1cie o sprac\u00favan\u00ed osobn\u00fdch \u00fadajov t\u00fdkaj\u00facich sa dotknutej osoby<\/h5>\n\n\n\n<p>Na z\u00e1klade p\u00edsomnej \u017eiadosti, zaslanej po\u0161tou na na\u0161u adresu, pr\u00edpadne tie\u017e emailom, m\u00e1 dotknut\u00e1 osoba pr\u00e1vo po\u017eiada\u0165 o inform\u00e1ciu o tom, ktor\u00e9 \u00fadaje o dotknutej osobe s\u00fa spracov\u00e1van\u00e9. Odpove\u010f poskytneme v zrozumite\u013enej forme rovnak\u00fdm sp\u00f4sobom, ak\u00fdm bola t\u00e1to \u017eiados\u0165 podan\u00e1.<\/p>\n\n\n\n<h5 class=\"wp-block-heading\">Pr\u00e1vo na pr\u00edstup k osobn\u00fdm \u00fadajom t\u00fdkaj\u00facim sa dotknutej osoby<\/h5>\n\n\n\n<p>Na z\u00e1klade p\u00edsomnej \u017eiadosti, zaslanej po\u0161tou na adresu na\u0161ej spolo\u010dnosti, pr\u00edpadne tie\u017e emailom m\u00e1 dotknut\u00e1 osoba pr\u00e1vo po\u017eiada\u0165 o inform\u00e1ciu o tom, ktor\u00e9 \u00fadaje o dotknutej osobe s\u00fa spracov\u00e1van\u00e9. Odpove\u010f poskytne spracovate\u013e v zrozumite\u013enej forme rovnak\u00fdm sp\u00f4sobom, ak\u00fdm bola t\u00e1to \u017eiados\u0165 podan\u00e1.<\/p>\n\n\n\n<h5 class=\"wp-block-heading\">Pr\u00e1vo na opravu osobn\u00fdch \u00fadajov t\u00fdkaj\u00facich sa dotknutej osoby<\/h5>\n\n\n\n<p>V pr\u00edpade, \u017ee osobn\u00e9 \u00fadaje, ktor\u00e9 o v\u00e1s spracov\u00e1vame nie s\u00fa spr\u00e1vne, \u00fapln\u00e9 alebo aktu\u00e1lne, m\u00e1 dotknut\u00e1 osoba pr\u00e1vo po\u017eiada\u0165 o ich opravu, doplnenie alebo zmenu. Dotknut\u00e1 osoba je povinn\u00e1 oznamova\u0165 zmeny svojich osobn\u00fdch \u00fadajov. Spracovate\u013e zmenu vykon\u00e1 bez zbyto\u010dn\u00e9ho odkladu.<\/p>\n\n\n\n<h5 class=\"wp-block-heading\">Pr\u00e1vo na v\u00fdmaz osobn\u00fdch \u00fadajov t\u00fdkaj\u00facich sa dotknutej osoby alebo pr\u00e1vo na obmedzenie sprac\u00favania osobn\u00fdch \u00fadajov<\/h5>\n\n\n\n<p>Spracovate\u013e (prev\u00e1dzkovate\u013e) je povinn\u00fd bez zbyto\u010dn\u00e9ho odkladu vymaza\u0165 osobn\u00e9 \u00fadaje, ak dotknut\u00e1 osoba uplatnila pr\u00e1vo na v\u00fdmaz a s\u00fa\u010dasne je splnen\u00e1 niektor\u00e1 z nasledovn\u00fdch podmienok:<\/p>\n\n\n\n<ul class=\"wp-block-list\">\n<li>na \u00fa\u010del na ktor\u00fd sa sprac\u00favali u\u017e nie s\u00fa tieto osobn\u00e9 \u00fadaje potrebn\u00e9,<\/li>\n\n\n\n<li>dotknut\u00e1 osoba odvol\u00e1 s\u00fahlas, ktor\u00fd na spracovanie osobn\u00fdch \u00fadajov udelila,<\/li>\n\n\n\n<li>neexistuje in\u00fd pr\u00e1vny z\u00e1klad pre spracovanie osobn\u00fdch \u00fadajov,<\/li>\n\n\n\n<li>dotknut\u00e1 osoba namieta sprac\u00favanie osobn\u00fdch \u00fadajov pod\u013ea \u00a7 27 ods. 1 ZoOOU a nepreva\u017euj\u00fa \u017eiadne opr\u00e1vnen\u00e9 d\u00f4vody na sprac\u00favanie osobn\u00fdch \u00fadajov,<\/li>\n\n\n\n<li>dotknut\u00e1 osoba namieta sprac\u00favanie osobn\u00fdch \u00fadajov na \u00fa\u010del priameho marketingu,<\/li>\n\n\n\n<li>je sprac\u00favanie osobn\u00fdch \u00fadajov nez\u00e1konn\u00e9,<\/li>\n\n\n\n<li>d\u00f4vodom pre v\u00fdmaz je splnenie povinnosti pod\u013ea z\u00e1kona o ochrane osobn\u00fdch \u00fadajov, osobitn\u00e9ho predpisu alebo medzin\u00e1rodnej zmluvy, ktorou je Slovensk\u00e1 republika viazan\u00e1,<\/li>\n\n\n\n<li>osobn\u00e9 \u00fadaje sa z\u00edskavali v s\u00favislosti s ponukou slu\u017eieb informa\u010dnej spolo\u010dnosti pod\u013ea \u00a7 15 ods. 1 ZoOU.<\/li>\n<\/ul>\n\n\n\n<h5 class=\"wp-block-heading\">Pr\u00e1vo namieta\u0165 proti sprac\u00favaniu osobn\u00fdch \u00fadajov t\u00fdkaj\u00facich sa dotknutej osoby<\/h5>\n\n\n\n<p>Dotknut\u00e1 osoba m\u00e1 pr\u00e1vo na to, aby prev\u00e1dzkovate\u013e obmedzil sprac\u00favanie osobn\u00fdch \u00fadajov, ak<\/p>\n\n\n\n<ul class=\"wp-block-list\">\n<li>dotknut\u00e1 osoba namieta spr\u00e1vnos\u0165 osobn\u00fdch \u00fadajov, a to po\u010das obdobia umo\u017e\u0148uj\u00faceho prev\u00e1dzkovate\u013eovi overi\u0165 spr\u00e1vnos\u0165 osobn\u00fdch \u00fadajov,<\/li>\n\n\n\n<li>sprac\u00favanie osobn\u00fdch \u00fadajov je nez\u00e1konn\u00e9 a dotknut\u00e1 osoba namieta vymazanie osobn\u00fdch \u00fadajov a \u017eiada namiesto toho obmedzenie ich pou\u017eitia,<\/li>\n\n\n\n<li>prev\u00e1dzkovate\u013e u\u017e nepotrebuje osobn\u00e9 \u00fadaje na \u00fa\u010del sprac\u00favania osobn\u00fdch \u00fadajov, ale potrebuje ich dotknut\u00e1 osoba na uplatnenie pr\u00e1vneho n\u00e1roku, alebo<\/li>\n\n\n\n<li>dotknut\u00e1 osoba namieta sprac\u00favanie osobn\u00fdch \u00fadajov pod\u013ea \u00a7 27 ods. 1 ZoOOU, a to a\u017e do overenia, \u010di opr\u00e1vnen\u00e9 d\u00f4vody na strane prev\u00e1dzkovate\u013ea preva\u017euj\u00fa nad opr\u00e1vnen\u00fdmi d\u00f4vodmi dotknutej osoby.<\/li>\n<\/ul>\n\n\n\n<p>Spracovate\u013e nesmie \u010falej sprac\u00fava\u0165 osobn\u00e9 \u00fadaje, pokia\u013e nepreuk\u00e1\u017ee nevyhnutn\u00e9 opr\u00e1vnen\u00e9 d\u00f4vody na sprac\u00favanie, ktor\u00e9 preva\u017euj\u00fa nad z\u00e1ujmami, pr\u00e1vami a slobodami dotknutej osoby, alebo d\u00f4vody na preukazovanie, uplat\u0148ovanie alebo obhajovanie pr\u00e1vnych n\u00e1rokov.<\/p>\n\n\n\n<h5 class=\"wp-block-heading\">Pr\u00e1vo na prenos osobn\u00fdch \u00fadajov t\u00fdkaj\u00facich sa dotknutej osoby<\/h5>\n\n\n\n<p>V pr\u00edpade, ak dotknut\u00e1 osoba o to po\u017eiada, je mo\u017en\u00e9 jej osobn\u00e9 \u00fadaje prenies\u0165 k \u010fal\u0161iemu prev\u00e1dzkovate\u013eovi. V pr\u00edpade, \u017ee by tak\u00fdto prenos mohol ma\u0165 nepriazniv\u00e9 \u00fa\u010dinky na pr\u00e1va in\u00fdch os\u00f4b, alebo nie s\u00fa splnen\u00e9 z\u00e1konn\u00e9 podmienky na realiz\u00e1ciu pr\u00e1va na prenos osobn\u00fdch \u00fadajov, m\u00e1 spracovate\u013e pr\u00e1vo tak\u00fato \u017eiados\u0165 odmietnu\u0165.<\/p>\n\n\n\n<h5 class=\"wp-block-heading\">Pr\u00e1vo odvola\u0165 kedyko\u013evek s\u00fahlas<\/h5>\n\n\n\n<p>Toto je mo\u017en\u00e9 vyu\u017ei\u0165 v pr\u00edpadoch, ke\u010f bol s\u00fahlas so spracovan\u00edm osobn\u00fdch \u00fadajov udelen\u00fd. Odvolanie s\u00fahlasu nem\u00e1 vplyv na z\u00e1konnos\u0165 sprac\u00favania osobn\u00fdch \u00fadajov zalo\u017een\u00e9ho na s\u00fahlase udelenom pred jeho odvolan\u00edm.<\/p>\n\n\n\n<h3 class=\"wp-block-heading\">Na koho sa m\u00f4\u017eete obr\u00e1ti\u0165 v s\u00favislosti so sprac\u00favan\u00edm Va\u0161ich osobn\u00fdch \u00fadajov?<\/h3>\n\n\n\n<p>Ak m\u00e1te ak\u00e9ko\u013evek ot\u00e1zky v s\u00favislosti so sprac\u00favan\u00edm osobn\u00fdch \u00fadajov v na\u0161ich informa\u010dn\u00fdch syst\u00e9moch, alebo si chcete uplatni\u0165 niektor\u00e9 z Va\u0161ich pr\u00e1v, nap\u00ed\u0161te n\u00e1m na: kosice@baptist.sk M\u00e1te taktie\u017e pr\u00e1vo poda\u0165 s\u0165a\u017enos\u0165 na \u00darad na ochranu osobn\u00fdch \u00fadajov, ak si mysl\u00edte, \u017ee do\u0161lo k poru\u0161eniu Va\u0161ich pr\u00e1v.<\/p>\n\n\n\n<h2 class=\"wp-block-heading\">COOKIES<\/h2>\n\n\n\n<h5 class=\"wp-block-heading\">\u010co s\u00fa to cookies a ako funguj\u00fa<\/h5>\n\n\n\n<p>Cookie je textov\u00fd s\u00fabor, ktor\u00fd sa uklad\u00e1 vo va\u0161om zariaden\u00ed (po\u010d\u00edta\u010d, mobil a pod.) pri prezeran\u00ed webovej str\u00e1nky. Umo\u017e\u0148uje webovej str\u00e1nke rozozna\u0165 zariadenie u\u017e\u00edvate\u013ea, av\u0161ak cookie sama o sebe neuklad\u00e1 ani nezbiera \u017eiadne d\u00e1ta mimo vlastn\u00fdch hodn\u00f4t.<\/p>\n\n\n\n<h5 class=\"wp-block-heading\">Ak\u00e9 s\u00fabory cookies pou\u017e\u00edvame a na ak\u00fd \u00fa\u010del<\/h5>\n\n\n\n<p>BJB KE vyu\u017e\u00edva na svojich webov\u00fdch str\u00e1nkach tieto s\u00fabory cookies:<\/p>\n\n\n\n<p>POVINN\u00c9 (NUTN\u00c9, TECHNICK\u00c9) \u2013 je na nich z\u00e1visl\u00e1 funk\u010dnos\u0165 samotn\u00fdch webov\u00fdch str\u00e1nok. Umo\u017e\u0148uj\u00fa webov\u00fdm str\u00e1nkam ich z\u00e1kladn\u00e9 funkcie ako je napr. navig\u00e1cia str\u00e1nky a pr\u00edstup k zabezpe\u010den\u00fdm sekci\u00e1m webov\u00fdch str\u00e1nok. Bez t\u00fdchto cookies webov\u00e9 str\u00e1nky nem\u00f4\u017eu fungova\u0165.<\/p>\n\n\n\n<p>\u0160TATISTICK\u00c9 \u2013 umo\u017e\u0148uj\u00fa anonymne zbiera\u0165 a spracov\u00e1va\u0165 inform\u00e1cie pre \u0161tatistick\u00e9 anal\u00fdzy. Prostredn\u00edctvom \u0161tatistick\u00fdch cookies sledujeme napr. n\u00e1v\u0161tevnos\u0165 na\u0161ich webov\u00fdch str\u00e1nok, po\u010det zobrazen\u00ed webov\u00fdch str\u00e1nok, hlavn\u00e9 kan\u00e1ly pr\u00edchodu u\u017e\u00edvate\u013eov, zoznam najprezeranej\u0161\u00edch podstr\u00e1nok. Tieto cookies vyu\u017e\u00edvame najm\u00e4 na \u00fa\u010del zlep\u0161ovania a skvalit\u0148ovania doh\u013eadate\u013enosti inform\u00e1ci\u00ed na na\u0161ich str\u00e1nkach a ich \u00faprave tak, aby \u010do najviac zodpovedali Va\u0161im potreb\u00e1m. \u0160tatistick\u00e9 cookies sa nepou\u017e\u00edvaj\u00fa na zbieranie konkr\u00e9tnych inform\u00e1ci\u00ed o n\u00e1v\u0161tevn\u00edkoch.<\/p>\n\n\n\n<p>MARKETINGOV\u00c9 \u2013 pou\u017e\u00edvaj\u00fa sa na \u00fa\u010del zv\u00fd\u0161enia atrakt\u00edvnosti rekl\u00e1m.<\/p>\n\n\n\n<p>COOKIES TRET\u00cdCH STR\u00c1N \u2013 na na\u0161ich webov\u00fdch str\u00e1nkach vyu\u017e\u00edvame aj prepojenia a integrovan\u00fd obsah z in\u00fdch webov\u00fdch str\u00e1nok. Ide o cookies tret\u00edch str\u00e1n (Google, Youtube, Facebook), ktor\u00fdch k\u00f3dy sme vlo\u017eili na svoje str\u00e1nky. Preto m\u00f4\u017eu by\u0165 do v\u00e1\u0161ho zariadenia po\u010das pou\u017e\u00edvania na\u0161ich webov\u00fdch str\u00e1nok ulo\u017een\u00e9 cookies t\u00fdchto tret\u00edch str\u00e1n, ktor\u00e9 nepodliehaj\u00fa na\u0161ej kontrole. Ide napr\u00edklad o situ\u00e1cie, kedy na\u0161e str\u00e1nky vyu\u017e\u00edvaj\u00fa r\u00f4zne n\u00e1stroje na anal\u00fdzu (napr. n\u00e1stroje spolo\u010dnosti Google) alebo n\u00e1stroje, ktor\u00e9 pou\u017e\u00edvame na na\u0161ich webov\u00fdch str\u00e1nkach pri poskytovan\u00ed slu\u017eieb (napr. zobrazovanie obsahu na webov\u00fdch str\u00e1nkach Youtube alebo Facebook).<\/p>\n\n\n\n<h5 class=\"wp-block-heading\">Ako d\u00e1va pou\u017e\u00edvate\u013e s\u00fahlas s pou\u017e\u00edvan\u00edm cookies<\/h5>\n\n\n\n<p>Cookies pou\u017e\u00edvame v pr\u00edpade, ak m\u00e1te vo svojom internetovom prehliada\u010di povolen\u00e9 ich prij\u00edmanie, pri\u010dom tak\u00e9to nastavenie internetov\u00e9ho prehliada\u010da pova\u017eujeme za V\u00e1\u0161 s\u00fahlas s pou\u017e\u00edvan\u00edm cookies. V\u00e4\u010d\u0161ina internetov\u00fdch prehliada\u010dov m\u00e1 t\u00fato funkciu automaticky povolen\u00fa. Ak si ne\u017eel\u00e1te, aby sme cookies pou\u017e\u00edvali, ich pou\u017e\u00edvanie m\u00f4\u017eete obmedzi\u0165 alebo zak\u00e1za\u0165 prostredn\u00edctvom zmeny nastaven\u00ed v\u00e1\u0161ho internetov\u00e9ho prehliada\u010da. Podrobnej\u0161ie inform\u00e1cie o nastaven\u00ed a ukladan\u00ed s\u00faborov cookies n\u00e1jdete na str\u00e1nkach poskytovate\u013eov jednotliv\u00fdch prehliada\u010dov.<\/p>\n\n\n\n<h5 class=\"wp-block-heading\">Doba spracovania (uchov\u00e1vania) cookies<\/h5>\n\n\n\n<p>Doba spracovania (uchov\u00e1vania) cookies sa l\u00ed\u0161i od \u00fa\u010delu, na ktor\u00fd s\u00fa cookies uchov\u00e1van\u00e9.<br>Pod\u013ea \u00fa\u010delu uchov\u00e1vania cookies del\u00edme na dva s\u00fabory, a to:<\/p>\n\n\n\n<ul class=\"wp-block-list\">\n<li>kr\u00e1tkodob\u00e9 (do\u010dasn\u00e9) \u2013 ost\u00e1vaj\u00fa vo va\u0161om zariaden\u00ed do zavretia internetov\u00e9ho prehliada\u010da (po zatvoren\u00ed prehliada\u010da sa vyma\u017e\u00fa)<\/li>\n\n\n\n<li>dlhodob\u00e9 (trval\u00e9) \u2013 zost\u00e1vaj\u00fa v internetovom prehliada\u010di ulo\u017een\u00e9 dlh\u0161\u00ed \u010das, a to na obdobie, ktor\u00e9 z\u00e1vis\u00ed od nastavenia v\u00e1\u0161ho internetov\u00e9ho prehliada\u010da a nastaven\u00ed cookies alebo na obdobie, pokia\u013e cookies vy samy neodstr\u00e1nite<\/li>\n<\/ul>","protected":false},"excerpt":{"rendered":"<p>Osobn\u00e9 \u00fadaje pou\u017e\u00edvate\u013eov na\u0161ich webov\u00fdch str\u00e1nok zaznamen\u00e1vame a pou\u017e\u00edvame len v rozsahu potrebnom na prev\u00e1dzkovanie funk\u010dnej webovej str\u00e1nky a jej obsahu a slu\u017eieb vyu\u017eit\u00edm technol\u00f3gie zbierania cookies. Tieto osobn\u00e9 \u00fadaje V\u00e1\u0161 prehliada\u010d automaticky pren\u00e1\u0161a na n\u00e1\u0161 server a ukladaj\u00fa sa tzv. logovacieho s\u00faboru. Zaznamen\u00e1vaj\u00fa sa bez V\u00e1\u0161ho z\u00e1sahu a ulo\u017eia sa, k\u00fdm sa automaticky nevyma\u017e\u00fa:<\/p>","protected":false},"author":1,"featured_media":0,"parent":0,"menu_order":0,"comment_status":"closed","ping_status":"open","template":"","meta":{"_seopress_robots_primary_cat":"","_seopress_titles_title":"Inform\u00e1cie o spracov\u00e1van\u00ed osobn\u00fdch \u00fadajov - Ko\u0161ice Baptist","_seopress_titles_desc":"Osobn\u00e9 \u00fadaje pou\u017e\u00edvate\u013eov webov\u00fdch str\u00e1nok zaznamen\u00e1vame a pou\u017e\u00edvame len v rozsahu potrebnom na prev\u00e1dzkovanie funk\u010dnej webovej str\u00e1nky","_seopress_robots_index":"","footnotes":""},"class_list":["post-3","page","type-page","status-publish","hentry"],"blocksy_meta":[],"_links":{"self":[{"href":"https:\/\/kosicebaptist.sk\/en\/wp-json\/wp\/v2\/pages\/3","targetHints":{"allow":["GET"]}}],"collection":[{"href":"https:\/\/kosicebaptist.sk\/en\/wp-json\/wp\/v2\/pages"}],"about":[{"href":"https:\/\/kosicebaptist.sk\/en\/wp-json\/wp\/v2\/types\/page"}],"author":[{"embeddable":true,"href":"https:\/\/kosicebaptist.sk\/en\/wp-json\/wp\/v2\/users\/1"}],"replies":[{"embeddable":true,"href":"https:\/\/kosicebaptist.sk\/en\/wp-json\/wp\/v2\/comments?post=3"}],"version-history":[{"count":6,"href":"https:\/\/kosicebaptist.sk\/en\/wp-json\/wp\/v2\/pages\/3\/revisions"}],"predecessor-version":[{"id":24807,"href":"https:\/\/kosicebaptist.sk\/en\/wp-json\/wp\/v2\/pages\/3\/revisions\/24807"}],"wp:attachment":[{"href":"https:\/\/kosicebaptist.sk\/en\/wp-json\/wp\/v2\/media?parent=3"}],"curies":[{"name":"wp","href":"https:\/\/api.w.org\/{rel}","templated":true}]}}